{"id":98,"date":"2014-02-04T17:04:59","date_gmt":"2014-02-04T15:04:59","guid":{"rendered":"http:\/\/tosine.fi\/?page_id=98"},"modified":"2026-02-15T16:23:49","modified_gmt":"2026-02-15T14:23:49","slug":"hallitus-2","status":"publish","type":"page","link":"https:\/\/tosine.fi\/?page_id=98","title":{"rendered":"Hallitus"},"content":{"rendered":"<p style=\"text-align: center;\">Tosine ry:n syyskokous valitsi keskiviikkona 23.10.2025 yhdistykselle hallituksen kalenterivuodelle 2026.<\/p>\n<hr \/>\n<p style=\"text-align: center;\"><strong>PUHEENJOHTAJA &#8211; THE PRESIDENT<\/strong><\/p>\n<p style=\"text-align: center;\">Heidi Hakala<\/p>\n<p><a href=\"https:\/\/tosine.fi\/wp-content\/uploads\/2026\/02\/Heidi1-scaled.jpg\"><img loading=\"lazy\" decoding=\"async\" class=\"aligncenter wp-image-8913\" src=\"https:\/\/tosine.fi\/wp-content\/uploads\/2026\/02\/Heidi1-scaled.jpg\" alt=\"\" width=\"330\" height=\"494\" srcset=\"https:\/\/tosine.fi\/wp-content\/uploads\/2026\/02\/Heidi1-scaled.jpg 1707w, https:\/\/tosine.fi\/wp-content\/uploads\/2026\/02\/Heidi1-768x1152.jpg 768w, https:\/\/tosine.fi\/wp-content\/uploads\/2026\/02\/Heidi1-1024x1536.jpg 1024w, https:\/\/tosine.fi\/wp-content\/uploads\/2026\/02\/Heidi1-1365x2048.jpg 1365w\" sizes=\"auto, (max-width: 330px) 100vw, 330px\" \/><\/a><\/p>\n<p style=\"text-align: center;\">puheenjohtaja \u2329at\u232a tosine.fi<\/p>\n<p style=\"text-align: center;\"><span data-contrast=\"auto\">Heippa hei, m\u00e4 olen Heidi, ja toimin t\u00e4n\u00e4 vuonna Tosineen puheenjohtajana! Ty\u00f6nkuvaani kuuluvat suurelta osin yhdistyksen hallinnolliset asiat, kuten kokousten koolle kutsuminen sek\u00e4 niiden johtaminen, hallituksen valvominen, sek\u00e4 sektorien toimintojen sujuvuudesta vastaaminen eli niin sanotusti toimin jokapaikanh\u00f6yl\u00e4n\u00e4! Pid\u00e4n yhteytt\u00e4 laitosjohtoon, muihin ainej\u00e4rjest\u00f6ihin sek\u00e4 muihin ryhmiin, tiedottaen yhdistyksemme asioista. Puheenjohtajan voi usein l\u00f6yt\u00e4\u00e4 Tonelta, tapahtumista tai py\u00f6rim\u00e4ss\u00e4 ymp\u00e4ri Seminaarinm\u00e4ke\u00e4. Voit ottaa yhteytt\u00e4 minuun kaikissa Tosineeseen liittyviss\u00e4 asioissa yll\u00e4 olevan s\u00e4hk\u00f6postin kautta.<\/span><span data-ccp-props=\"{}\">\u00a0<\/span><\/p>\n<p style=\"text-align: center;\"><span data-contrast=\"auto\">Hello\u00a0hello, I am Heidi, the president of\u00a0Tosine\u00a0for this year! My job consists\u00a0mainly of\u00a0administrative duties, such\u00a0as organizing and running association meetings,\u00a0monitoring\u00a0the board as a whole and making sure all sectors are running smoothly \u2013 so\u00a0I am\u00a0what you could call a jack of all trades! I\u00a0keep in touch\u00a0with\u00a0our faculty, other student associations as well as other organizations, and communicate\u00a0about happenings within our association. You can often find the President at Tone, at events or strolling around the\u00a0Seminaarinm\u00e4ki\u00a0campus. You can contact me with\u00a0anything related to\u00a0Tosine\u00a0with the email\u00a0above.<\/span><span data-ccp-props=\"{}\">\u00a0<\/span><\/p>\n<hr \/>\n<p style=\"text-align: center;\"><strong>KULTTUURI- JA EKSKURSIOVASTAAVA-, TUTORVASTAAVA AND VARAPUHEENJOHTAJA &#8211; CULTURE AND EXCURSIONS-, TUTORING AND THE VICE PRESIDENT<\/strong><\/p>\n<p><a href=\"https:\/\/tosine.fi\/wp-content\/uploads\/2026\/02\/Iida1-scaled.jpg\"><img loading=\"lazy\" decoding=\"async\" class=\"wp-image-8914 aligncenter\" src=\"https:\/\/tosine.fi\/wp-content\/uploads\/2026\/02\/Iida1-scaled.jpg\" alt=\"\" width=\"331\" height=\"497\" srcset=\"https:\/\/tosine.fi\/wp-content\/uploads\/2026\/02\/Iida1-scaled.jpg 1707w, https:\/\/tosine.fi\/wp-content\/uploads\/2026\/02\/Iida1-768x1152.jpg 768w, https:\/\/tosine.fi\/wp-content\/uploads\/2026\/02\/Iida1-1024x1536.jpg 1024w, https:\/\/tosine.fi\/wp-content\/uploads\/2026\/02\/Iida1-1365x2048.jpg 1365w\" sizes=\"auto, (max-width: 331px) 100vw, 331px\" \/><\/a><\/p>\n<p style=\"text-align: center;\">Iida Suonio<\/p>\n<p style=\"text-align: center;\">iida.h.suonio \u2329at\u232a student.jyu.fi<\/p>\n<p>&nbsp;<\/p>\n<p style=\"text-align: center;\"><span data-contrast=\"auto\">Moi,\u00a0oon\u00a0Iida ja\u00a0oon\u00a0Tosineen\u00a0Kulttuuri- ja\u00a0Ekskursiovastaava!\u00a0Kulttuuri- ja ekskursiovastaava saa j\u00e4rjest\u00e4\u00e4\u00a0hyvin laajasti mit\u00e4 tahansa kulttuuriin ja ekskursioihin liittyv\u00e4\u00e4, eli aika vapaat k\u00e4det!\u00a0T\u00e4n\u00e4 vuonna yritet\u00e4\u00e4n\u00a0my\u00f6s yh\u00e4\u00a0tiivist\u00e4\u00e4 yhteisty\u00f6t\u00e4\u00a0tapahtumasektorin kanssa,\u00a0niin\u00a0oon\u00a0my\u00f6s tapahtumien suunnittelussa paljon mukana.\u00a0T\u00e4n\u00a0p\u00e4\u00e4pestin lis\u00e4ksi\u00a0oon\u00a0my\u00f6s Tosineen varapuheenjohtaja ja toinen tutorvastaavista.\u00a0<\/span><span data-ccp-props=\"{&quot;201341983&quot;:0,&quot;335551550&quot;:2,&quot;335551620&quot;:2,&quot;335559740&quot;:276}\">\u00a0<\/span><\/p>\n<p style=\"text-align: center;\"><span data-contrast=\"auto\">Hello,\u00a0I\u2019m\u00a0Iida\u00a0and\u00a0I\u2019m\u00a0Tosine\u2019s\u00a0Culture and\u00a0Excursions representative.\u00a0The\u00a0Culture and\u00a0Excursions representative\u00a0is free to organize\u00a0pretty much\u00a0anything\u00a0relating to culture and\u00a0excursions.\u00a0We are also trying to have more co-operation with the Events sector this year, so\u00a0I\u2019m\u00a0involved a lot there too.\u00a0I\u2019m\u00a0also the Vice President of\u00a0Tosine, and one of the\u00a0Tutoring representatives.\u00a0<\/span><span data-ccp-props=\"{&quot;201341983&quot;:0,&quot;335551550&quot;:2,&quot;335551620&quot;:2,&quot;335559740&quot;:276}\">\u00a0<\/span><\/p>\n<hr \/>\n<p style=\"text-align: center;\"><strong>SIHTEERI-TIEDOTTAJA &#8211; SECRETARY AND PR<\/strong><\/p>\n<p><a href=\"https:\/\/tosine.fi\/wp-content\/uploads\/2026\/02\/Mikko1-scaled.jpg\"><img loading=\"lazy\" decoding=\"async\" class=\"wp-image-8918 aligncenter\" src=\"https:\/\/tosine.fi\/wp-content\/uploads\/2026\/02\/Mikko1-scaled.jpg\" alt=\"\" width=\"336\" height=\"504\" srcset=\"https:\/\/tosine.fi\/wp-content\/uploads\/2026\/02\/Mikko1-scaled.jpg 1707w, https:\/\/tosine.fi\/wp-content\/uploads\/2026\/02\/Mikko1-768x1152.jpg 768w, https:\/\/tosine.fi\/wp-content\/uploads\/2026\/02\/Mikko1-1024x1536.jpg 1024w, https:\/\/tosine.fi\/wp-content\/uploads\/2026\/02\/Mikko1-1365x2048.jpg 1365w\" sizes=\"auto, (max-width: 336px) 100vw, 336px\" \/><\/a><\/p>\n<p style=\"text-align: center;\">Mikko Saari<\/p>\n<p style=\"text-align: center;\">sihteeri \u2329at\u232a tosine.fi<\/p>\n<p style=\"text-align: center;\"><span data-contrast=\"auto\">Moroo!\u00a0M\u00e4\u00a0oon\u00a0Mikko, Tosineen Sihteeri-Tiedottaja!\u00a0Tiedottajana pid\u00e4n huolen, ett\u00e4 meid\u00e4n\u00a0sivumme, somet ja muut\u00a0toimivat\u00a0ja viikoittain laitan\u00a0Tosinewssiin\u00a0kaikkea kivaa. Sihteerin\u00e4 puolestaan huolehdin hallinnollisista asioista yhdess\u00e4\u00a0PJ:n\u00a0kanssa, huolehdin yleisest\u00e4 byrokratiasta ja tietenkin\u00a0sihter\u00f6in\u00a0kokouksia. Eli jos\u00a0sulla\u00a0on jotain hallintoon tai tiedotukseen liittyv\u00e4\u00e4 kysytt\u00e4v\u00e4\u00e4 niin\u00a0muhun\u00a0voi olla yhteydess\u00e4 yll\u00e4 olevasta s\u00e4hk\u00f6postista.<\/span><span data-ccp-props=\"{&quot;201341983&quot;:0,&quot;335551550&quot;:2,&quot;335551620&quot;:2,&quot;335559740&quot;:276}\">\u00a0<\/span><\/p>\n<p style=\"text-align: center;\"><span data-contrast=\"auto\">Hello there! My name is Mikko and\u00a0I\u2019m\u00a0Tosine\u2019s\u00a0Secretary and take care of\u00a0Tosine\u2019s\u00a0communications. As such, it is my role to make sure that our sites and social media work properly, alongside the weekly newsletter\u00a0Tosinews\u00a0which you can find in your e-mail every Monday. As secretary I take care of organizational issues alongside our chairperson, deal with general bureaucracy and write everything down in our meetings so it all stays on record. So, if you have something to ask concerning our organizational stuff, feel free to ask by messaging me to the e-mail above.<\/span><span data-ccp-props=\"{&quot;201341983&quot;:0,&quot;335551550&quot;:2,&quot;335551620&quot;:2,&quot;335559740&quot;:276}\">\u00a0<\/span><\/p>\n<hr \/>\n<p style=\"text-align: center;\"><strong>RAHASTONHOITAJA &#8211; TREASURER<\/strong><\/p>\n<p><a href=\"https:\/\/tosine.fi\/wp-content\/uploads\/2026\/02\/Vilma_Tikka1-scaled.jpg\"><img loading=\"lazy\" decoding=\"async\" class=\"wp-image-8921 aligncenter\" src=\"https:\/\/tosine.fi\/wp-content\/uploads\/2026\/02\/Vilma_Tikka1-scaled.jpg\" alt=\"\" width=\"330\" height=\"495\" srcset=\"https:\/\/tosine.fi\/wp-content\/uploads\/2026\/02\/Vilma_Tikka1-scaled.jpg 1707w, https:\/\/tosine.fi\/wp-content\/uploads\/2026\/02\/Vilma_Tikka1-768x1152.jpg 768w, https:\/\/tosine.fi\/wp-content\/uploads\/2026\/02\/Vilma_Tikka1-1024x1536.jpg 1024w, https:\/\/tosine.fi\/wp-content\/uploads\/2026\/02\/Vilma_Tikka1-1366x2048.jpg 1366w\" sizes=\"auto, (max-width: 330px) 100vw, 330px\" \/><\/a><\/p>\n<p style=\"text-align: center;\">Vilma Tikka<\/p>\n<p style=\"text-align: center;\">rahastonhoitaja \u2329at\u232a tosine.fi<\/p>\n<p>&nbsp;<\/p>\n<p style=\"text-align: center;\"><span data-contrast=\"auto\">Moi! Olen Vilma ja toimin t\u00e4n\u00e4 vuonna Tosineen rahastonhoitajana. Toisin sanoen hoidan yhdistyksen taloutta, eli maksan laskuja, kulukorvauksia ja teen kirjanpitoa sek\u00e4 raportoin taloussektorin tapahtumista. Huolehdin my\u00f6s Tosineen j\u00e4senrekisterist\u00e4 sek\u00e4 budjetista ja sen toteutumisesta. Vuoden lopussa teht\u00e4viini kuuluu my\u00f6s tilinp\u00e4\u00e4t\u00f6ksen ja seuraavan vuoden budjetin laatiminen. Jos n\u00e4ist\u00e4 aiheista tulee kysytt\u00e4v\u00e4\u00e4, ottakaa minuun rohkeasti yhteytt\u00e4!<\/span><span data-ccp-props=\"{&quot;201341983&quot;:0,&quot;335551550&quot;:2,&quot;335551620&quot;:2,&quot;335559740&quot;:276}\">\u00a0<\/span><\/p>\n<p style=\"text-align: center;\"><span data-contrast=\"auto\">Hi!\u00a0<\/span><span data-contrast=\"auto\">I\u2019m\u00a0Vilma and I am the treasurer of\u00a0Tosine\u00a0this year. In other words, I take care of our association\u2019s finances, which means I pay the bills, reimburse\u00a0expenses\u00a0and do\u00a0the accounting\u00a0as well as report on the events in the financial sector. I also manage\u00a0Tosine\u2019s\u00a0member registry and follow our budget and its implementation. At the end of the year, my duties also include compiling the financial statements and preparing the next year\u2019s budget. If you have any questions about these topics, please feel free to contact me!<\/span><span data-ccp-props=\"{&quot;201341983&quot;:0,&quot;335551550&quot;:2,&quot;335551620&quot;:2,&quot;335559740&quot;:276}\">\u00a0<\/span><\/p>\n<hr \/>\n<p style=\"text-align: center;\"><strong>TAPAHTUMAVASTAAVA &#8211; PARTIES AND EVENTS<\/strong><\/p>\n<p style=\"text-align: center;\">Anedt Koss<\/p>\n<p><a href=\"https:\/\/tosine.fi\/wp-content\/uploads\/2026\/02\/Anedt1-scaled.jpg\"><img loading=\"lazy\" decoding=\"async\" class=\"wp-image-8910 aligncenter\" src=\"https:\/\/tosine.fi\/wp-content\/uploads\/2026\/02\/Anedt1-scaled.jpg\" alt=\"\" width=\"330\" height=\"495\" srcset=\"https:\/\/tosine.fi\/wp-content\/uploads\/2026\/02\/Anedt1-scaled.jpg 1707w, https:\/\/tosine.fi\/wp-content\/uploads\/2026\/02\/Anedt1-768x1152.jpg 768w, https:\/\/tosine.fi\/wp-content\/uploads\/2026\/02\/Anedt1-1024x1536.jpg 1024w, https:\/\/tosine.fi\/wp-content\/uploads\/2026\/02\/Anedt1-1365x2048.jpg 1365w\" sizes=\"auto, (max-width: 330px) 100vw, 330px\" \/><\/a><\/p>\n<p style=\"text-align: center;\">tapahtumavastaava \u2329at\u232a tosine.fi<\/p>\n<p>&nbsp;<\/p>\n<p style=\"text-align: center;\"><span data-contrast=\"auto\">Moikka!\u00a0M\u00e4\u00a0oon\u00a0Anedt, Tosineen Tapahtumavastaava! Yhdess\u00e4 tapahtumatiimin kanssa suunnitellaan, organisoidaan ja vedet\u00e4\u00e4n Tosineen\u00a0erilaisia\u00a0tapahtumia.\u00a0Teht\u00e4viini kuuluu mm.\u00a0tapahtumien budjetointi, tilavaraukset, markkinointi ja yhteisty\u00f6 sidosryhmien kanssa\u00a0&#8211;\u00a0homma\u00a0on siis hyvin monipuolinen!\u00a0Mulle\u00a0on t\u00e4rke\u00e4\u00e4, ett\u00e4 kaikki tuntee olonsa tervetulleeksi tapahtumiin. Jos on toiveita,\u00a0ehdotuksia tai ajatuksia, niin pist\u00e4 viesti\u00e4\u00a0yll\u00e4 olevaan s\u00e4hk\u00f6postiin!<\/span><span data-ccp-props=\"{&quot;201341983&quot;:0,&quot;335551550&quot;:2,&quot;335551620&quot;:2,&quot;335559740&quot;:276}\">\u00a0<\/span><\/p>\n<p style=\"text-align: center;\"><span data-contrast=\"auto\">Hi! I\u00b4m\u00a0Anedt, the Event Coordinator of\u00a0Tosine! Together with the event team, we plan, organize, and run various\u00a0Tosine\u00a0events. My responsibilities include, among other things, event budgeting, venue bookings, marketing, and collaboration with different\u00a0stakeholders\u00a0\u2013 so it\u00b4s a\u00a0very versatile role! It\u00b4s important to me that everyone feels welcome at our events. If you have any wishes, suggestions, or ideas, feel free to send me a message at the email address above!<\/span><span data-ccp-props=\"{&quot;201341983&quot;:0,&quot;335551550&quot;:2,&quot;335551620&quot;:2,&quot;335559740&quot;:276}\">\u00a0<\/span><\/p>\n<hr \/>\n<p style=\"text-align: center;\"><strong>KOULUTUS- JA SOSIAALIPOLIITTISET VASTAAVAT SEK\u00c4 YHDENVERTAISUUSVASTAAVAT &#8211; EDUCATION, SOCIAL POLICY AND EQUALITY<\/strong><\/p>\n<p style=\"text-align: center;\">Elia Wallmeroth\u00a0 \u00a0 \u00a0 \u00a0 \u00a0 \u00a0 \u00a0 \u00a0 ja\u00a0 \u00a0 \u00a0 \u00a0 \u00a0 \u00a0 \u00a0 Iwan Parsons<\/p>\n<p style=\"text-align: center;\">\u00a0 \u00a0elia.j.wallmeroth\u2329at\u232astudent.jyu.fi\u00a0 \u00a0 \u00a0 \u00a0 \u00a0 \u00a0 \u00a0 \u00a0 \u00a0 \u00a0iwan.v.parsons\u2329at\u232astudent.jyu.fi<\/p>\n<p><a href=\"https:\/\/tosine.fi\/wp-content\/uploads\/2026\/02\/Elia_ja_Iwan1-scaled.jpg\"><img loading=\"lazy\" decoding=\"async\" class=\"wp-image-8911 aligncenter\" src=\"https:\/\/tosine.fi\/wp-content\/uploads\/2026\/02\/Elia_ja_Iwan1-scaled.jpg\" alt=\"\" width=\"330\" height=\"495\" srcset=\"https:\/\/tosine.fi\/wp-content\/uploads\/2026\/02\/Elia_ja_Iwan1-scaled.jpg 1707w, https:\/\/tosine.fi\/wp-content\/uploads\/2026\/02\/Elia_ja_Iwan1-768x1152.jpg 768w, https:\/\/tosine.fi\/wp-content\/uploads\/2026\/02\/Elia_ja_Iwan1-1024x1536.jpg 1024w, https:\/\/tosine.fi\/wp-content\/uploads\/2026\/02\/Elia_ja_Iwan1-1365x2048.jpg 1365w\" sizes=\"auto, (max-width: 330px) 100vw, 330px\" \/><\/a><\/p>\n<p style=\"text-align: center;\"><span data-contrast=\"auto\">Moikka! Me\u00a0ollaan\u00a0Elia\u00a0ja\u00a0Iwan\u00a0ja\u00a0me\u00a0toimimme\u00a0Tosineen\u00a0koulutus-\u00a0ja\u00a0sosiaalipoliittisina\u00a0vastaavina,\u00a0sek\u00e4\u00a0yhdenvertaisuusvastaavina.\u00a0Selkokielell\u00e4:\u00a0meihin\u00a0voi\u00a0k\u00e4\u00e4nty\u00e4\u00a0periaatteessa\u00a0kaikkiin\u00a0kouluun,\u00a0hyvinvointiin\u00a0ja\u00a0yhdenvertaisuuteen\u00a0liittyvien\u00a0kysymysten\u00a0ja\u00a0ongelmien\u00a0kanssa.\u00a0Toimimme\u00a0t\u00e4m\u00e4n\u00a0kautta\u00a0my\u00f6s\u00a0yhdyshenkil\u00f6in\u00e4\u00a0opiskelijoiden\u00a0ja\u00a0laitoksen\u00a0v\u00e4lill\u00e4.\u00a0<\/span><span data-ccp-props=\"{&quot;335551550&quot;:2,&quot;335551620&quot;:2}\">\u00a0<\/span><\/p>\n<p style=\"text-align: center;\"><span data-contrast=\"auto\">Jos on\u00a0mit\u00e4\u00e4n\u00a0kysytt\u00e4v\u00e4\u00e4\u00a0tai\u00a0ilmoitettavaa,\u00a0meihin\u00a0voi\u00a0olla\u00a0yhteydess\u00e4\u00a0yll\u00e4\u00a0olevien\u00a0s\u00e4hk\u00f6postien\u00a0kautta,\u00a0sek\u00e4\u00a0Tosinewsista\u00a0l\u00f6ytyv\u00e4n\u00a0tapahtumien\u00a0ilmoituspohjan kautta.\u00a0<\/span><span data-ccp-props=\"{&quot;335551550&quot;:2,&quot;335551620&quot;:2}\">\u00a0<\/span><span data-ccp-props=\"{&quot;335551550&quot;:2,&quot;335551620&quot;:2}\">\u00a0<\/span><\/p>\n<p style=\"text-align: center;\"><span data-contrast=\"auto\">Hello!\u00a0We\u00a0are\u00a0Elia and\u00a0Iwan, and\u00a0we\u00a0are\u00a0responsible\u00a0for\u00a0Academic\u00a0and\u00a0Social Affairs.\u00a0We are also responsible for Equality,\u00a0Diversity\u00a0and Inclusion.\u00a0In\u00a0layman&#8217;s terms, you\u00a0may\u00a0come to us if you have any questions or problems related to your studies,\u00a0wellbeing\u00a0or\u00a0equity. We work as\u00a0the\u00a0liaisons\u00a0between us students and our\u00a0academic institution.\u00a0<\/span><span data-ccp-props=\"{&quot;335551550&quot;:2,&quot;335551620&quot;:2}\">\u00a0<\/span><\/p>\n<p style=\"text-align: center;\"><span data-contrast=\"auto\">If you have any inquiries or concerns, please don\u00b4t hesitate to contact us\u00a0via the emails listed above. You can also find contact information\u00a0from\u00a0Tosinews\u00a0event listings.\u00a0<\/span><span data-ccp-props=\"{&quot;335551550&quot;:2,&quot;335551620&quot;:2}\">\u00a0<\/span><\/p>\n<hr \/>\n<p style=\"text-align: center;\"><strong>J\u00c4RJEST\u00d6VASTAAVA JA HOL-VASTAAVA &#8211; ORGANIZATION AFFAIRS AND HOL-REPRESENTATIVE<\/strong><\/p>\n<p style=\"text-align: center;\">Elli Kivivuori<\/p>\n<p><a href=\"https:\/\/tosine.fi\/wp-content\/uploads\/2026\/02\/Elli1-scaled.jpg\"><img loading=\"lazy\" decoding=\"async\" class=\"wp-image-8912 aligncenter\" src=\"https:\/\/tosine.fi\/wp-content\/uploads\/2026\/02\/Elli1-scaled.jpg\" alt=\"\" width=\"330\" height=\"495\" srcset=\"https:\/\/tosine.fi\/wp-content\/uploads\/2026\/02\/Elli1-scaled.jpg 1707w, https:\/\/tosine.fi\/wp-content\/uploads\/2026\/02\/Elli1-768x1152.jpg 768w, https:\/\/tosine.fi\/wp-content\/uploads\/2026\/02\/Elli1-1024x1536.jpg 1024w, https:\/\/tosine.fi\/wp-content\/uploads\/2026\/02\/Elli1-1365x2048.jpg 1365w\" sizes=\"auto, (max-width: 330px) 100vw, 330px\" \/><\/a><\/p>\n<p style=\"text-align: center;\">elilkivi \u2329at\u232a student.jyu.fi<\/p>\n<p>&nbsp;<\/p>\n<p style=\"text-align: center;\"><span data-contrast=\"auto\">Hei! Olen Elli\u00a0ja\u00a0toimin\u00a0t\u00e4n\u00e4\u00a0vuonna\u00a0Tosineen\u00a0J\u00e4rjest\u00f6vastaavana,\u00a0yll\u00e4pit\u00e4en\u00a0yhteytt\u00e4\u00a0Historian\u00a0Opiskelijain\u00a0Liittoon\u00a0ja\u00a0<\/span><span data-contrast=\"auto\">Specia \u2013 Asiantuntijat ja esihenkil\u00f6t ry:hyn, sek\u00e4 mahdollisesti muihin j\u00e4rjest\u00f6ihin. J\u00e4rjest\u00f6vastaavana toimin my\u00f6s Tosine ry:n Hol-edustajana, toimien yhdess\u00e4 muiden Historian Opiskelijain Liiton hallituslaisten kanssa. <\/span><span data-ccp-props=\"{&quot;335551550&quot;:2,&quot;335551620&quot;:2}\">\u00a0<\/span><\/p>\n<p style=\"text-align: center;\"><span data-contrast=\"auto\">Mik\u00e4li sinulla her\u00e4\u00e4 kysymyksi\u00e4 liittyen\u00a0Holiin\u00a0tai\u00a0Speciaan\u00a0liittyen, ota matalalla kynnyksell\u00e4 yhteytt\u00e4.\u00a0My\u00f6s\u00a0vinkkej\u00e4\u00a0Tosine ry:n j\u00e4rjest\u00f6toiminnan kehitt\u00e4miseen\u00a0ja palautetta sektorista\u00a0otetaan mielell\u00e4\u00e4n vastaan!<\/span><span data-ccp-props=\"{&quot;335551550&quot;:2,&quot;335551620&quot;:2}\">\u00a0<\/span><span data-ccp-props=\"{&quot;335551550&quot;:2,&quot;335551620&quot;:2}\">\u00a0<\/span><\/p>\n<p style=\"text-align: center;\"><span data-contrast=\"auto\">Hi!\u00a0I\u2019m\u00a0Elli and\u00a0Head of\u00a0Organisational\u00a0Affairs\u00a0in\u00a0Tosine\u00a0this year,\u00a0keeping in contact\u00a0with\u00a0<\/span><span data-contrast=\"auto\">The Association of the Finnish History Students and trade union Specia \u2013 The Experts and Managerial Professionals Association.\u00a0<\/span><span data-contrast=\"auto\">I act as\u00a0Tosine\u2019s\u00a0representative in\u00a0The Association of the Finnish History Students,\u00a0keeping in contact\u00a0with the rest of the board.\u00a0<\/span><span data-ccp-props=\"{&quot;335551550&quot;:2,&quot;335551620&quot;:2}\">\u00a0<\/span><\/p>\n<p style=\"text-align: center;\"><span data-contrast=\"auto\">If you have any questions\u00a0regarding\u00a0The Association of the Finnish History Students,\u00a0trade union Specia, please contact me. Any tips or feedback\u00a0regarding\u00a0the sector are also greatly appreciated!<\/span><span data-ccp-props=\"{&quot;335551550&quot;:2,&quot;335551620&quot;:2}\">\u00a0<\/span><\/p>\n<hr \/>\n<p style=\"text-align: center;\"><strong>LIIKUNTAVASTAAVA JA KANSAINV\u00c4LISYYS-, YMP\u00c4RIST\u00d6- JA KEHITYSYHTEISTY\u00d6VASTAAVA &#8211; SPORT ACTIVITIES AND INTERNATIONAL AND ENVIRONMENTAL AFFAIRS, DEVELOPMENT COOPERATION<\/strong><\/p>\n<p><a href=\"https:\/\/tosine.fi\/wp-content\/uploads\/2026\/02\/Lauri_Saraste1-scaled.jpg\"><img loading=\"lazy\" decoding=\"async\" class=\"wp-image-8916 aligncenter\" src=\"https:\/\/tosine.fi\/wp-content\/uploads\/2026\/02\/Lauri_Saraste1-scaled.jpg\" alt=\"\" width=\"330\" height=\"495\" srcset=\"https:\/\/tosine.fi\/wp-content\/uploads\/2026\/02\/Lauri_Saraste1-scaled.jpg 1707w, https:\/\/tosine.fi\/wp-content\/uploads\/2026\/02\/Lauri_Saraste1-768x1152.jpg 768w, https:\/\/tosine.fi\/wp-content\/uploads\/2026\/02\/Lauri_Saraste1-1024x1536.jpg 1024w, https:\/\/tosine.fi\/wp-content\/uploads\/2026\/02\/Lauri_Saraste1-1365x2048.jpg 1365w\" sizes=\"auto, (max-width: 330px) 100vw, 330px\" \/><\/a><\/p>\n<p style=\"text-align: center;\">Lauri Saraste<\/p>\n<p style=\"text-align: center;\">lauri.j.saraste \u2329at\u232a student.jyu.fi<\/p>\n<p>&nbsp;<\/p>\n<p style=\"text-align: center;\"><span data-contrast=\"none\">Hei! Olen Lauri ja olen Tosineen kansainv\u00e4lisyys-, ymp\u00e4rist\u00f6-, kehitysyhteisty\u00f6- ja liikuntavastaava. Kansainv\u00e4lisyysvastaavana huolehdin vaihto-opiskelijoistamme ja\u00a0kannustan tosinistej\u00e4 kansainv\u00e4listymiseen.\u00a0Ymp\u00e4rist\u00f6- ja kehitysyhteisty\u00f6vastaavana varmistan, ett\u00e4 ainej\u00e4rjest\u00f6mme toimii vastuullisesti ja ymp\u00e4rist\u00f6strategiamme mukaisesti. Liikuntavastaavana yll\u00e4pid\u00e4n tosinistien terveytt\u00e4 j\u00e4rjest\u00e4m\u00e4ll\u00e4 liikuntavuoroja ja muita liikunnallisia tapahtumia. Ota rohkeasti yhteytt\u00e4 minuun, jos on kysytt\u00e4v\u00e4\u00e4 mist\u00e4\u00e4n edell\u00e4 mainituista asioista!<\/span><span data-ccp-props=\"{&quot;335551550&quot;:2,&quot;335551620&quot;:2,&quot;335559739&quot;:240}\">\u00a0<\/span><\/p>\n<p style=\"text-align: center;\"><span data-contrast=\"none\">Hi!\u00a0I\u2019m\u00a0Lauri and\u00a0I\u2019m\u00a0Tosine\u2019s\u00a0international, environmental, development cooperation and sports representative. I look after our exchange students and encourage my fellow students to internationalize. I also make sure our association\u00a0operates\u00a0in an eco-friendly and responsible manner. Lastly,\u00a0I&#8217;m\u00a0responsible for organizing our sports\u00a0activities. Feel free to contact me if you have any questions about anything related to the above!<\/span><span data-ccp-props=\"{&quot;335551550&quot;:2,&quot;335551620&quot;:2,&quot;335559739&quot;:240}\">\u00a0<\/span><\/p>\n<hr \/>\n<p style=\"text-align: center;\"><strong>YRITYSYHTEISTY\u00d6VASTAAVA &#8211; BUSINESS RELATIONS<\/strong><\/p>\n<p><a href=\"https:\/\/tosine.fi\/wp-content\/uploads\/2026\/02\/Nikke1-scaled.jpg\"><img loading=\"lazy\" decoding=\"async\" class=\"wp-image-8919 aligncenter\" src=\"https:\/\/tosine.fi\/wp-content\/uploads\/2026\/02\/Nikke1-scaled.jpg\" alt=\"\" width=\"330\" height=\"495\" srcset=\"https:\/\/tosine.fi\/wp-content\/uploads\/2026\/02\/Nikke1-scaled.jpg 1707w, https:\/\/tosine.fi\/wp-content\/uploads\/2026\/02\/Nikke1-768x1152.jpg 768w, https:\/\/tosine.fi\/wp-content\/uploads\/2026\/02\/Nikke1-1024x1536.jpg 1024w, https:\/\/tosine.fi\/wp-content\/uploads\/2026\/02\/Nikke1-1365x2048.jpg 1365w\" sizes=\"auto, (max-width: 330px) 100vw, 330px\" \/><\/a><\/p>\n<p style=\"text-align: center;\">Nicklas Rantavuori<\/p>\n<p style=\"text-align: center;\">yritysyhteistyo<em> at<\/em> tosine.fi<\/p>\n<p>&nbsp;<\/p>\n<p style=\"text-align: center;\"><span data-contrast=\"auto\">Hei olen Nicklas ja toimin t\u00e4n\u00e4 vuonna Tosineen yritys- ja yhteisty\u00f6vastaavana. Teht\u00e4viini kuuluvat muun muassa Tosineen yritysyhteist\u00f6ist\u00e4 huolehtiminen, haalarimerkit, merchit, sek\u00e4 syksyll\u00e4 haalareiden huolehtiminen fukseille. Jos sinulla tulee jotain mieleen, mik\u00e4 kuuluu teht\u00e4v\u00e4alueeseeni, niin ole rohkeasti yhteydess\u00e4!<\/span><\/p>\n<p style=\"text-align: center;\"><span data-contrast=\"auto\">Hi im Nicklas and this year i take care of business cooperation for Tosine. I take care of different things such as taking care of business cooperations, overallpatches, merchs and getting overalls for new history students. If something comes to mind dont be aftaid to ask!<\/span><\/p>\n<hr \/>\n<p style=\"text-align: center;\">Hallituksen toimihenkil\u00f6t &#8211; Tosine ry:n syyskokous valitsi keskiviikkona 23.10.2025 yhdistykselle toimihenkil\u00f6iksi tapahtumatiimil\u00e4iset,\u00a0 ja Tosine-lehden p\u00e4\u00e4toimittajan kalenterivuodelle 2026.<\/p>\n<p style=\"text-align: center;\"><strong>TOSINE-LEHDEN P\u00c4\u00c4TOIMITTAJA &#8211; TOSINE MAGAZINES CHIEF EDITOR<\/strong><\/p>\n<p style=\"text-align: center;\">Vilma Helenius<\/p>\n<p style=\"text-align: center;\">vilma.i.helenius \u2329at\u232a student.jyu.fi<\/p>\n<p><a href=\"https:\/\/tosine.fi\/wp-content\/uploads\/2026\/02\/Vilma_Helenius1-scaled.jpg\"><img loading=\"lazy\" decoding=\"async\" class=\"wp-image-8920 aligncenter\" src=\"https:\/\/tosine.fi\/wp-content\/uploads\/2026\/02\/Vilma_Helenius1-scaled.jpg\" alt=\"\" width=\"330\" height=\"495\" srcset=\"https:\/\/tosine.fi\/wp-content\/uploads\/2026\/02\/Vilma_Helenius1-scaled.jpg 1707w, https:\/\/tosine.fi\/wp-content\/uploads\/2026\/02\/Vilma_Helenius1-768x1152.jpg 768w, https:\/\/tosine.fi\/wp-content\/uploads\/2026\/02\/Vilma_Helenius1-1024x1536.jpg 1024w, https:\/\/tosine.fi\/wp-content\/uploads\/2026\/02\/Vilma_Helenius1-1365x2048.jpg 1365w\" sizes=\"auto, (max-width: 330px) 100vw, 330px\" \/><\/a><\/p>\n<p style=\"text-align: center;\"><span data-contrast=\"none\">Moi!\u00a0M\u00e4\u00a0oon\u00a0Vilma ja toimitan Tosine-lehden t\u00e4ll\u00e4 hallituskaudella.\u00a0Mun\u00a0p\u00e4\u00e4teht\u00e4v\u00e4 on\u00a0etsi\u00e4 halukkaita kirjoittajia tai muita tekevi\u00e4 ihmisi\u00e4, joita\u00a0kiinnostaa julkaista sis\u00e4lt\u00f6\u00e4\u00a0lehdess\u00e4.Tietty\u00a0my\u00f6s lehden taittaminen kuuluu\u00a0mun\u00a0teht\u00e4viin.<\/span><br \/>\n<span data-contrast=\"none\">Lehden on\u00a0tarkoitus\u00a0olla\u00a0mahdollisimman\u00a0monipuolinen\u00a0ja\u00a0mukava\u00a0luettava.<\/span><br \/>\n<span data-ccp-props=\"{&quot;201341983&quot;:0,&quot;335551550&quot;:2,&quot;335551620&quot;:2,&quot;335559739&quot;:240,&quot;335559740&quot;:276}\">\u00a0<\/span><\/p>\n<p style=\"text-align: center;\"><span data-contrast=\"none\">Mik\u00e4li\u00a0sulla\u00a0on edes pieni idea mink\u00e4 haluisit lehteen, otahan reippaasti\u00a0muhun\u00a0yhteytt\u00e4! Tekstit, kuvat,\u00a0piirustukset, tarinat&#8230; kaikki on mahdollista!<\/span><span data-ccp-props=\"{&quot;201341983&quot;:0,&quot;335551550&quot;:2,&quot;335551620&quot;:2,&quot;335559739&quot;:240,&quot;335559740&quot;:276}\">\u00a0<\/span><\/p>\n<p style=\"text-align: center;\"><span data-ccp-props=\"{&quot;201341983&quot;:0,&quot;335551550&quot;:2,&quot;335551620&quot;:2,&quot;335559739&quot;:240,&quot;335559740&quot;:276}\">\u00a0<\/span><\/p>\n<p style=\"text-align: center;\"><span data-contrast=\"none\">Hi!\u00a0I&#8217;m\u00a0Vilma and\u00a0I&#8217;m\u00a0the\u00a0editor\u00a0of Tosine magazine\u00a0this\u00a0year.\u00a0<\/span><span data-contrast=\"none\">My main task is to find willing writers or other creative people who are interested in publishing content in the magazine. Of course, folding the magazine is also part of my duties.<\/span><br \/>\n<span data-contrast=\"none\">The magazine is intended to be as diverse and enjoyable to read as possible.<\/span><br \/>\n<span data-ccp-props=\"{&quot;201341983&quot;:0,&quot;335551550&quot;:2,&quot;335551620&quot;:2,&quot;335559739&quot;:240,&quot;335559740&quot;:276}\">\u00a0<\/span><\/p>\n<p style=\"text-align: center;\"><span data-contrast=\"none\">If you\u00a0have even\u00a0a small idea that you would like to see in the magazine, please contact me!\u00a0<\/span><span data-contrast=\"none\">Texts,\u00a0pictures,\u00a0drawings,\u00a0stories&#8230;\u00a0everything\u00a0is\u00a0possible!<\/span><span data-ccp-props=\"{&quot;201341983&quot;:0,&quot;335551550&quot;:2,&quot;335551620&quot;:2,&quot;335559739&quot;:240,&quot;335559740&quot;:276}\">\u00a0<\/span><\/p>\n<hr \/>\n<p style=\"text-align: center;\"><strong>TAPAHTUMATIIMIL\u00c4ISET &#8211; PARTY AND EVENT ASSISTANTS<\/strong><\/p>\n<p style=\"text-align: center;\">Aili R\u00e4ty\u00a0 \u00a0+\u00a0 \u00a0 Lauri Kaila\u00a0 \u00a0 +\u00a0 \u00a0 Lelah Cousins<\/p>\n<p>&nbsp;<\/p>\n<p style=\"text-align: center;\"><a href=\"https:\/\/tosine.fi\/wp-content\/uploads\/2026\/02\/Lauri_Kaila1-scaled.jpg\">\u00a0<\/a><a href=\"https:\/\/tosine.fi\/wp-content\/uploads\/2026\/02\/Aili1-scaled.jpg\"><img loading=\"lazy\" decoding=\"async\" class=\"wp-image-8909 alignnone\" src=\"https:\/\/tosine.fi\/wp-content\/uploads\/2026\/02\/Aili1-scaled.jpg\" alt=\"\" width=\"133\" height=\"200\" \/><\/a><a href=\"https:\/\/tosine.fi\/wp-content\/uploads\/2026\/02\/Lauri_Kaila1-scaled.jpg\"><img loading=\"lazy\" decoding=\"async\" class=\"wp-image-8915 alignnone\" src=\"https:\/\/tosine.fi\/wp-content\/uploads\/2026\/02\/Lauri_Kaila1-scaled.jpg\" alt=\"\" width=\"133\" height=\"200\" srcset=\"https:\/\/tosine.fi\/wp-content\/uploads\/2026\/02\/Lauri_Kaila1-scaled.jpg 1707w, https:\/\/tosine.fi\/wp-content\/uploads\/2026\/02\/Lauri_Kaila1-768x1152.jpg 768w, https:\/\/tosine.fi\/wp-content\/uploads\/2026\/02\/Lauri_Kaila1-1024x1536.jpg 1024w, https:\/\/tosine.fi\/wp-content\/uploads\/2026\/02\/Lauri_Kaila1-1366x2048.jpg 1366w\" sizes=\"auto, (max-width: 133px) 100vw, 133px\" \/>\u00a0 \u00a0 <\/a><a href=\"https:\/\/tosine.fi\/wp-content\/uploads\/2026\/02\/Lelah1-scaled.jpg\"><img loading=\"lazy\" decoding=\"async\" class=\"wp-image-8917 alignnone\" src=\"https:\/\/tosine.fi\/wp-content\/uploads\/2026\/02\/Lelah1-scaled.jpg\" alt=\"\" width=\"133\" height=\"200\" srcset=\"https:\/\/tosine.fi\/wp-content\/uploads\/2026\/02\/Lelah1-scaled.jpg 1707w, https:\/\/tosine.fi\/wp-content\/uploads\/2026\/02\/Lelah1-768x1152.jpg 768w, https:\/\/tosine.fi\/wp-content\/uploads\/2026\/02\/Lelah1-1024x1536.jpg 1024w, https:\/\/tosine.fi\/wp-content\/uploads\/2026\/02\/Lelah1-1365x2048.jpg 1365w\" sizes=\"auto, (max-width: 133px) 100vw, 133px\" \/><\/a><\/p>\n<p>&nbsp;<\/p>\n<p style=\"text-align: center;\"><span data-contrast=\"auto\">Moikka! Me ollaan Tosineen tapahtumatiimi ja meid\u00e4n teht\u00e4v\u00e4n\u00e4 on toimia tapahtumavastaavan oikeina k\u00e4sin\u00e4 ja olla apuna kaikessa tapahtumiin liittyv\u00e4ss\u00e4. Tapahtumatiimi auttaa tapahtumien ideoimisessa, j\u00e4rjest\u00e4misess\u00e4 ja esivalmistelujen teossa. Tapahtumissa me my\u00f6s pyrit\u00e4\u00e4n varmistamaan, ett\u00e4 kaikki menee niin kuin pit\u00e4\u00e4, ikuistetaan hauskoja hetki\u00e4 tapahtumista esimerkiksi Tosineen Instagramiin ja tietenkin yll\u00e4pidet\u00e4\u00e4n hyv\u00e4\u00e4 fiilist\u00e4! Jos sulla on joku hyv\u00e4 idea tapahtumaa varten tai palautetta jostain aikaisemmasta tapahtumasta ota rohkeasti yhteytt\u00e4 meid\u00e4n tapahtumavastaavaan Anedtiin!<\/span><span data-ccp-props=\"{&quot;335551550&quot;:2,&quot;335551620&quot;:2}\">\u00a0<\/span><\/p>\n<p style=\"text-align: center;\"><span data-contrast=\"auto\">Hi! We are the Event-team for Tosine and our job is to be the right hands for our Event Coordinator and help with everything related to our events. The Event-Team helps brainstorm for ideas for future events as well as organize and set-up beforehand. At the events, we try to make sure that everything goes to plan, immortalize fun moments for our Instagram and of course maintain a happy atmosphere for everyone! If you have a good idea for a future event or feedback from one of our prior ones, please don\u2019t hesitate to contact our Event Coordinator Anedt!<\/span><span data-ccp-props=\"{&quot;335551550&quot;:2,&quot;335551620&quot;:2}\">\u00a0<\/span><\/p>\n","protected":false},"excerpt":{"rendered":"<p>Tosine ry:n syyskokous valitsi keskiviikkona 23.10.2025 yhdistykselle hallituksen kalenterivuodelle 2026. PUHEENJOHTAJA &#8211; THE PRESIDENT Heidi Hakala puheenjohtaja \u2329at\u232a tosine.fi Heippa hei, m\u00e4 olen Heidi, ja toimin t\u00e4n\u00e4 vuonna Tosineen puheenjohtajana! &hellip; <\/p>\n<p class=\"link-more\"><a href=\"https:\/\/tosine.fi\/?page_id=98\" class=\"more-link\">Jatka lukemista<span class=\"screen-reader-text\"> &#8221;Hallitus&#8221;<\/span><\/a><\/p>\n","protected":false},"author":1,"featured_media":0,"parent":0,"menu_order":4,"comment_status":"closed","ping_status":"closed","template":"","meta":{"footnotes":""},"class_list":["post-98","page","type-page","status-publish","hentry"],"_links":{"self":[{"href":"https:\/\/tosine.fi\/index.php?rest_route=\/wp\/v2\/pages\/98","targetHints":{"allow":["GET"]}}],"collection":[{"href":"https:\/\/tosine.fi\/index.php?rest_route=\/wp\/v2\/pages"}],"about":[{"href":"https:\/\/tosine.fi\/index.php?rest_route=\/wp\/v2\/types\/page"}],"author":[{"embeddable":true,"href":"https:\/\/tosine.fi\/index.php?rest_route=\/wp\/v2\/users\/1"}],"replies":[{"embeddable":true,"href":"https:\/\/tosine.fi\/index.php?rest_route=%2Fwp%2Fv2%2Fcomments&post=98"}],"version-history":[{"count":169,"href":"https:\/\/tosine.fi\/index.php?rest_route=\/wp\/v2\/pages\/98\/revisions"}],"predecessor-version":[{"id":8927,"href":"https:\/\/tosine.fi\/index.php?rest_route=\/wp\/v2\/pages\/98\/revisions\/8927"}],"wp:attachment":[{"href":"https:\/\/tosine.fi\/index.php?rest_route=%2Fwp%2Fv2%2Fmedia&parent=98"}],"curies":[{"name":"wp","href":"https:\/\/api.w.org\/{rel}","templated":true}]}}